{"id":2,"date":"2024-09-15T07:10:48","date_gmt":"2024-09-15T07:10:48","guid":{"rendered":"https:\/\/intermedi.net.pe\/es\/?page_id=2"},"modified":"2024-11-03T23:12:04","modified_gmt":"2024-11-03T23:12:04","slug":"nosotros","status":"publish","type":"page","link":"https:\/\/intermedi.net.pe\/es\/nosotros\/","title":{"rendered":"Nuestra visi\u00f3n y misi\u00f3n"},"content":{"rendered":"<p><strong>Nuestro prop\u00f3sito es informar y conectar a las personas, operando las 24 horas del d\u00eda, los 7 d\u00edas de la semana. A trav\u00e9s de nuestras plataformas, redes sociales, radio digital, queremos replicar y enlazar a nuestra audiencia con diversas agencias de noticias locales, nacionales e internacionales, ofreciendo informaci\u00f3n veraz y an\u00e1lisis profundo, siempre accesibles y sin censura. <\/strong><\/p>\n<p><strong>Visi\u00f3n:<\/strong><\/p>\n<p><em>&#8220;Convertirnos en la fuente digital de referencia para noticias econ\u00f3micas, culturales y de desarrollo sostenible que conecten a las principales ciudades de la Amazon\u00eda peruana con las econom\u00edas de APEC, destacando el rol de la interconectividad y las oportunidades de desarrollo regional.&#8221;<\/em><\/p>\n<h3><strong>Misi\u00f3n:<\/strong><\/h3>\n<p><em>&#8220;Proporcionar informaci\u00f3n veraz, accesible y relevante sobre las econom\u00edas de APEC, promoviendo una mayor comprensi\u00f3n de los temas econ\u00f3micos, culturales y de desarrollo sostenible. A trav\u00e9s de una plataforma digital, conectaremos a la Amazon\u00eda peruana con las 21 econom\u00edas de la cuenca del Pac\u00edfico, con \u00e9nfasis en la interconexi\u00f3n digital y el intercambio de conocimientos para el desarrollo local y global.&#8221;<\/em><\/p>\n<p>&nbsp;<\/p>\n<p>&nbsp;<\/p>\n<hr \/>\n<p><img loading=\"lazy\" decoding=\"async\" class=\"alignleft wp-image-262\" src=\"https:\/\/intermedi.net.pe\/es\/wp-content\/uploads\/2024\/09\/INTERMEDI-300x300.png\" alt=\"\" width=\"242\" height=\"242\" srcset=\"https:\/\/intermedi.net.pe\/es\/wp-content\/uploads\/2024\/09\/INTERMEDI-300x300.png 300w, https:\/\/intermedi.net.pe\/es\/wp-content\/uploads\/2024\/09\/INTERMEDI-150x150.png 150w, https:\/\/intermedi.net.pe\/es\/wp-content\/uploads\/2024\/09\/INTERMEDI.png 400w\" sizes=\"auto, (max-width: 242px) 100vw, 242px\" \/><\/p>\n<p>En <strong>Interoce\u00e1nica<\/strong>, creemos firmemente en la libertad de expresi\u00f3n y el derecho a la informaci\u00f3n. Nos apoyamos en la\u00a0<strong>Constituci\u00f3n Pol\u00edtica del Per\u00fa<\/strong>, que en su inciso 4) del art\u00edculo 2\u00ba establece que toda persona tiene el derecho \u201ca las libertades de informaci\u00f3n, opini\u00f3n, expresi\u00f3n y difusi\u00f3n del pensamiento mediante la palabra oral o escrita o la imagen, por cualquier medio de comunicaci\u00f3n social, sin previa autorizaci\u00f3n ni censura ni impedimento alguno, bajo las responsabilidades de ley\u201d. Adem\u00e1s, el\u00a0<strong>art\u00edculo 13\u00ba protege el derecho de asociarse y constituir<\/strong>\u00a0organizaciones libres, lo cual refuerza nuestro compromiso de ser un medio independiente y sostenible.<\/p>\n","protected":false},"excerpt":{"rendered":"<p>Nuestro prop\u00f3sito es informar y conectar a las personas, operando las 24 horas del d\u00eda, los 7 d\u00edas de la semana. A trav\u00e9s de nuestras plataformas, redes sociales, radio digital, queremos replicar y enlazar a nuestra audiencia con diversas agencias de noticias locales, nacionales e internacionales, ofreciendo informaci\u00f3n veraz y an\u00e1lisis profundo, siempre accesibles y [&hellip;]<\/p>\n","protected":false},"author":1,"featured_media":0,"parent":0,"menu_order":0,"comment_status":"closed","ping_status":"open","template":"","meta":{"footnotes":""},"class_list":["post-2","page","type-page","status-publish","hentry"],"_links":{"self":[{"href":"https:\/\/intermedi.net.pe\/es\/wp-json\/wp\/v2\/pages\/2","targetHints":{"allow":["GET"]}}],"collection":[{"href":"https:\/\/intermedi.net.pe\/es\/wp-json\/wp\/v2\/pages"}],"about":[{"href":"https:\/\/intermedi.net.pe\/es\/wp-json\/wp\/v2\/types\/page"}],"author":[{"embeddable":true,"href":"https:\/\/intermedi.net.pe\/es\/wp-json\/wp\/v2\/users\/1"}],"replies":[{"embeddable":true,"href":"https:\/\/intermedi.net.pe\/es\/wp-json\/wp\/v2\/comments?post=2"}],"version-history":[{"count":9,"href":"https:\/\/intermedi.net.pe\/es\/wp-json\/wp\/v2\/pages\/2\/revisions"}],"predecessor-version":[{"id":342,"href":"https:\/\/intermedi.net.pe\/es\/wp-json\/wp\/v2\/pages\/2\/revisions\/342"}],"wp:attachment":[{"href":"https:\/\/intermedi.net.pe\/es\/wp-json\/wp\/v2\/media?parent=2"}],"curies":[{"name":"wp","href":"https:\/\/api.w.org\/{rel}","templated":true}]}}